{"id":133984,"date":"2022-09-23T12:29:45","date_gmt":"2022-09-23T10:29:45","guid":{"rendered":"https:\/\/shop.judocu.ch\/?page_id=133984"},"modified":"2022-09-27T14:40:07","modified_gmt":"2022-09-27T12:40:07","slug":"la-revue-prevoyance-professionnelle-suisse-est-disponible-des-maintenant-dans-judocu","status":"publish","type":"page","link":"https:\/\/shop.judocu.ch\/fr\/la-revue-prevoyance-professionnelle-suisse-est-disponible-des-maintenant-dans-judocu\/","title":{"rendered":"La revue \u00ab\u00a0Pr\u00e9voyance Professionnelle Suisse\u00a0\u00bb est disponible d\u00e8s maintenant dans judocu"},"content":{"rendered":"\n<h2 class=\"wp-block-heading\"><strong>La revue \u00ab\u00a0Pr\u00e9voyance Professionnelle Suisse\u00a0\u00bb est disponible d\u00e8s maintenant dans judocu<\/strong><\/h2>\n\n\n\n<p class=\"wp-block-paragraph\">Nous sommes heureux de mettre la nouvelle ebiblioth\u00e8que de la revue PPS \u00e0 votre disposition. D\u00e9sormais, vous recevrez toujours les nouveaux num\u00e9ros de la revue PPS directement dans votre judocu, en plus de tous les contenus des archives.<\/p>\n\n\n\n<p class=\"wp-block-paragraph\"><\/p>\n\n\n<div id=\"container-block_6323362d57b14\" class=\"container-block  bg-lightgray py-5 alignfull\">\r\n\t<div class=\"container\">\r\n\t\t<div class=\"row\">\r\n\t\t\t<div class=\"col\">\r\n\t\t\t\t\n\n<div class=\"wp-block-columns is-layout-flex wp-container-core-columns-is-layout-8f761849 wp-block-columns-is-layout-flex\">\n<div class=\"wp-block-column is-layout-flow wp-block-column-is-layout-flow\" style=\"flex-basis:25%\"><div class=\"wp-block-image\">\n<figure class=\"aligncenter size-medium is-resized\"><img decoding=\"async\" src=\"https:\/\/shop.judocu.ch\/wp-content\/uploads\/2022\/09\/SPV_0822-transparent-300x297.png\" alt=\"\" class=\"wp-image-129853\" height=\"300\" srcset=\"https:\/\/shop.judocu.ch\/wp-content\/uploads\/2022\/09\/SPV_0822-transparent-300x297.png 300w, https:\/\/shop.judocu.ch\/wp-content\/uploads\/2022\/09\/SPV_0822-transparent-150x150.png 150w, https:\/\/shop.judocu.ch\/wp-content\/uploads\/2022\/09\/SPV_0822-transparent-768x761.png 768w, https:\/\/shop.judocu.ch\/wp-content\/uploads\/2022\/09\/SPV_0822-transparent-250x248.png 250w, https:\/\/shop.judocu.ch\/wp-content\/uploads\/2022\/09\/SPV_0822-transparent-100x100.png 100w, https:\/\/shop.judocu.ch\/wp-content\/uploads\/2022\/09\/SPV_0822-transparent-200x198.png 200w, https:\/\/shop.judocu.ch\/wp-content\/uploads\/2022\/09\/SPV_0822-transparent.png 950w\" sizes=\"(max-width: 300px) 100vw, 300px\" \/><\/figure>\n<\/div><\/div>\n\n\n\n<div class=\"wp-block-column is-layout-flow wp-block-column-is-layout-flow\">\n<h3 class=\"wp-block-heading\">La revue \u00ab Pr\u00e9voyance Professionnelle Suisse \u00bb dans votre ebiblioth\u00e8que<\/h3>\n\n\n\n<p class=\"wp-block-paragraph\">En tant que personne abonn\u00e9e, vous disposez d\u2019un acc\u00e8s \u00e0 votre eBiblioth\u00e8que judocu, o\u00f9 se trouvent tous les num\u00e9ros de la revue PPS, que vous pouvez lire et consulter.<br>En outre, vous b\u00e9n\u00e9ficiez pendant deux mois d\u2019un acc\u00e8s complet et gratuit \u00e0 la plus importante documentation sp\u00e9cialis\u00e9e sur la pr\u00e9voyance professionnelle.<\/p>\n\n\n\n<p class=\"wp-block-paragraph\">En petits caract\u00e8res : L\u2019acc\u00e8s au manuel \u00ab Pr\u00e9voyance professionnelle \u00bb est limit\u00e9 \u00e0 4 semaines.<\/p>\n\n\n\n<div class=\"wp-block-buttons is-content-justification-center is-layout-flex wp-container-core-buttons-is-layout-fe48e5de wp-block-buttons-is-layout-flex\">\n<div class=\"wp-block-button cta-button\"><a class=\"wp-block-button__link has-white-color has-darkorange-background-color has-text-color has-background\" href=\"https:\/\/shop.judocu.ch\/kasse\/\"><strong>T\u00e9l\u00e9charger l\u2019ebiblioth\u00e8que de la revue PPS<\/strong><\/a><\/div>\n<\/div>\n<\/div>\n\n\n\n<div class=\"wp-block-column is-layout-flow wp-block-column-is-layout-flow\" style=\"flex-basis:25%\"><div class=\"wp-block-image\">\n<figure class=\"aligncenter size-medium is-resized\"><img decoding=\"async\" src=\"https:\/\/shop.judocu.ch\/wp-content\/uploads\/2022\/06\/Berufliche-Vorsorge_transparent-300x297.png\" alt=\"\" class=\"wp-image-124192\" height=\"300\" srcset=\"https:\/\/shop.judocu.ch\/wp-content\/uploads\/2022\/06\/Berufliche-Vorsorge_transparent-300x297.png 300w, https:\/\/shop.judocu.ch\/wp-content\/uploads\/2022\/06\/Berufliche-Vorsorge_transparent-1024x1015.png 1024w, https:\/\/shop.judocu.ch\/wp-content\/uploads\/2022\/06\/Berufliche-Vorsorge_transparent-150x150.png 150w, https:\/\/shop.judocu.ch\/wp-content\/uploads\/2022\/06\/Berufliche-Vorsorge_transparent-768x761.png 768w, https:\/\/shop.judocu.ch\/wp-content\/uploads\/2022\/06\/Berufliche-Vorsorge_transparent-1536x1522.png 1536w, https:\/\/shop.judocu.ch\/wp-content\/uploads\/2022\/06\/Berufliche-Vorsorge_transparent-2048x2029.png 2048w, https:\/\/shop.judocu.ch\/wp-content\/uploads\/2022\/06\/Berufliche-Vorsorge_transparent-200x198.png 200w, https:\/\/shop.judocu.ch\/wp-content\/uploads\/2022\/06\/Berufliche-Vorsorge_transparent-100x100.png 100w\" sizes=\"(max-width: 300px) 100vw, 300px\" \/><\/figure>\n<\/div><\/div>\n<\/div>\n\n\r\n\t\t\t<\/div>\r\n\t\t<\/div>\r\n\t<\/div>\r\n<\/div>\n\n\n<div style=\"height:100px\" aria-hidden=\"true\" class=\"wp-block-spacer\"><\/div>\n\n\n<div class=\"wp-block-image mb-0\">\n<figure class=\"aligncenter size-full\"><img loading=\"lazy\" decoding=\"async\" width=\"1000\" height=\"659\" src=\"https:\/\/shop.judocu.ch\/wp-content\/uploads\/2022\/05\/Laptop_Screenshot.jpg\" alt=\"\" class=\"wp-image-123969\" srcset=\"https:\/\/shop.judocu.ch\/wp-content\/uploads\/2022\/05\/Laptop_Screenshot.jpg 1000w, https:\/\/shop.judocu.ch\/wp-content\/uploads\/2022\/05\/Laptop_Screenshot-300x198.jpg 300w, https:\/\/shop.judocu.ch\/wp-content\/uploads\/2022\/05\/Laptop_Screenshot-768x506.jpg 768w, https:\/\/shop.judocu.ch\/wp-content\/uploads\/2022\/05\/Laptop_Screenshot-200x132.jpg 200w\" sizes=\"auto, (max-width: 1000px) 100vw, 1000px\" \/><\/figure>\n<\/div>\n\n\n<p class=\"has-text-align-center lead w-md-75 mx-auto wp-block-paragraph\">Configurez simplement et facilement votre ebiblioth\u00e8que personnelle : Avec judocu et le module sp\u00e9cialis\u00e9 de la pr\u00e9voyance professionnelle du Prof. Dr. en droit Marc H\u00fcrzeler, vous disposez d&rsquo;un recueil complet de connaissances juridiques et vous b\u00e9n\u00e9ficiez d&rsquo;avantages pour vous faciliter au maximum le travail quotidien.<\/p>\n\n\n<div class=\"wp-block-image\">\n<figure class=\"aligncenter size-medium\"><img loading=\"lazy\" decoding=\"async\" width=\"300\" height=\"179\" src=\"https:\/\/shop.judocu.ch\/wp-content\/uploads\/2022\/05\/judocu_logo-300x179.png\" alt=\"\" class=\"wp-image-123961\" srcset=\"https:\/\/shop.judocu.ch\/wp-content\/uploads\/2022\/05\/judocu_logo-300x179.png 300w, https:\/\/shop.judocu.ch\/wp-content\/uploads\/2022\/05\/judocu_logo-200x119.png 200w, https:\/\/shop.judocu.ch\/wp-content\/uploads\/2022\/05\/judocu_logo.png 662w\" sizes=\"auto, (max-width: 300px) 100vw, 300px\" \/><\/figure>\n<\/div>\n\n\n<div style=\"height:30px\" aria-hidden=\"true\" class=\"wp-block-spacer\"><\/div>\n\n\n\n<h2 class=\"wp-block-heading\"><strong>Pourquoi judocu ?<\/strong><\/h2>\n\n\n\n<p class=\"wp-block-paragraph\">Imaginez-vous avoir acc\u00e8s en tout temps et en tous lieux \u00e0 l\u2019ensemble de votre biblioth\u00e8que ! C\u2019est exactement ce que judocu vous permet. Qu\u2019il s\u2019agisse d\u2019ebooks juridiques, de revues ou de modifications l\u00e9gislatives actuelles : Le module sp\u00e9cialis\u00e9 sur la pr\u00e9voyance professionnelle contient plus de 10.000 pages de textes sur la pr\u00e9voyance professionnelle, que nous v\u00e9rifions et actualisons r\u00e9guli\u00e8rement. L\u2019outil de recherche en texte int\u00e9gral vous permet de trouver facilement les documents correspondants, d\u2019acheter directement des publications commerciales et de les lire dans la mise en page originale.<\/p>\n\n\n\n<div style=\"height:50px\" aria-hidden=\"true\" class=\"wp-block-spacer\"><\/div>\n\n\n\n<h3 class=\"mx-auto w-md-75 wp-block-heading\"><strong>Voil\u00e0 comment judocu simplifie votre quotidien de professionnel ou d\u2019\u00e9tudiant<\/strong><\/h3>\n\n\n\n<ul class=\"wp-block-list\"><li><strong>Recherche intelligente en texte int\u00e9gral<\/strong><br>Vous pouvez effectuer des recherches pertinentes en texte int\u00e9gral sur l\u2019ensemble de votre biblioth\u00e8que. Notre algorithme de recherche, d\u00e9velopp\u00e9 sp\u00e9cialement pour les juristes, vous permettra de trouver plus rapidement les bons documents en minimisant le temps de recherche.<\/li><li><strong>Librement extensible<\/strong><br>Augmentez judocu avec vos propres documents. Recherchez les sources Internet directement \u00e0 partir de judocu et ajoutez-les en quelques clics. Id\u00e9al pour les \u00e9tudiants qui veulent se cr\u00e9er une biblioth\u00e8que compl\u00e8te.<\/li><li><strong>Contr\u00f4le total<\/strong><br>Vous pouvez ajouter autant de notes et de liens personnalis\u00e9s que vous voulez \u00e0 tous les documents de votre biblioth\u00e8que. Judocu devient ainsi rapidement le bureau central de tous les travaux de recherche.<\/li><li><strong>Disponibilit\u00e9 hors-ligne<\/strong><br>Tout le contenu du module sp\u00e9cialis\u00e9 est disponible localement sur votre ordinateur. Vous n&rsquo;avez pas besoin d\u2019Internet et vous pouvez, via une sauvegarde locale et des logiciels suisses, g\u00e9rer vous-m\u00eame les documents internes \u00e0 l\u2019entreprise.<\/li><li><strong>Actualisation permanente<\/strong><br>Le recueil complet des connaissances est g\u00e9r\u00e9 et augment\u00e9 en permanence, en collaboration avec l\u2019\u00e9quipe du Prof. Dr. en droit Marc H\u00fcrzeler. Votre ebiblioth\u00e8que est donc augment\u00e9e automatiquement avec des modifications l\u00e9gislatives et des arr\u00eat\u00e9s actuels.<\/li><\/ul>\n\n\n\n<div style=\"height:50px\" aria-hidden=\"true\" class=\"wp-block-spacer\"><\/div>\n\n\n\n<h3 class=\"checkmarks w-md-75 mx-auto wp-block-heading\"><strong>Le contenu du module sp\u00e9cialis\u00e9 \u00ab&nbsp;Pr\u00e9voyance professionnelle&nbsp;\u00bb&nbsp;:<\/strong><\/h3>\n\n\n\n<ul class=\"wp-block-list\"><li>Tous les num\u00e9ros de la revue \u00ab&nbsp;Pr\u00e9voyance Professionnelle Suisse&nbsp;\u00bb jusqu\u2019\u00e0 2019<\/li><li>Une s\u00e9lection des circulaires d\u2019information ASIP<\/li><li>Le manuel \u00ab&nbsp;Pr\u00e9voyance professionnelle&nbsp;\u00bb du Prof. Dr. en droit Marc H\u00fcrzeler<\/li><li>Les publications de la s\u00e9rie \u00ab&nbsp;Conf\u00e9rence de Lucerne sur le droit des pensions&nbsp;\u00bb<\/li><li>Les lois et les documents pertinents sur la pr\u00e9voyance professionnelle<\/li><li>Les jugements les plus importants dans le domaine de la pr\u00e9voyance professionnelle<\/li><li>Plus de 1000 documents suppl\u00e9mentaires, comprenant entre autres des messages, communiqu\u00e9s de presse, communications sur la pr\u00e9voyance professionnelle, statistiques, directives, guides, recommandations et bien davantage<\/li><\/ul>\n\n\n\n<div style=\"height:100px\" aria-hidden=\"true\" class=\"wp-block-spacer\"><\/div>\n\n\n<div id=\"container-block_629f66899fab7\" class=\"container-block  bg-lightgray py-5 alignfull\">\r\n\t<div class=\"container\">\r\n\t\t<div class=\"row\">\r\n\t\t\t<div class=\"col\">\r\n\t\t\t\t\n\t\t<div id=\"slider_featured-block_629f65d5aef69\" class=\"lpag-produkte-slider alignfull\">\r\n\t\t<div class=\"container-fluid\">\r\n\t\t\t<div class=\"row\">\r\n\t\t\t\t<div class=\"col\">\r\n\t\t\t\t\t<div class=\"products products-slider\">\r\n\t\t\t\t\t\t<div class=\"product type-product post-175246 status-publish first instock product_cat-aktuelles product_cat-neuerscheinungen product_cat-berufliche-vorsorge has-post-thumbnail virtual sold-individually taxable purchasable product-type-simple\">\r\n\t<a href=\"https:\/\/shop.judocu.ch\/fr\/produkt\/bvg-tagung-2023\/\" class=\"woocommerce-LoopProduct-link woocommerce-loop-product__link\"><img loading=\"lazy\" decoding=\"async\" width=\"300\" height=\"439\" src=\"https:\/\/shop.judocu.ch\/wp-content\/uploads\/2024\/08\/ugbvg-300x439.jpg\" class=\"attachment-woocommerce_thumbnail size-woocommerce_thumbnail\" alt=\"BVG-Tagung 2023\" srcset=\"https:\/\/shop.judocu.ch\/wp-content\/uploads\/2024\/08\/ugbvg-300x439.jpg 300w, https:\/\/shop.judocu.ch\/wp-content\/uploads\/2024\/08\/ugbvg-205x300.jpg 205w, https:\/\/shop.judocu.ch\/wp-content\/uploads\/2024\/08\/ugbvg-250x366.jpg 250w, https:\/\/shop.judocu.ch\/wp-content\/uploads\/2024\/08\/ugbvg-200x293.jpg 200w, https:\/\/shop.judocu.ch\/wp-content\/uploads\/2024\/08\/ugbvg.jpg 426w\" sizes=\"auto, (max-width: 300px) 100vw, 300px\" \/><h3 class=\"woocommerce-loop-product__title\">BVG-Tagung 2023<\/h3><span class=\"authors\">H\u00fcrzeler, Marc<\/span><div class=\"price-carticon-container\">\n\t<span class=\"price\"><span class=\"woocommerce-Price-amount amount\"><bdi><span class=\"woocommerce-Price-currencySymbol\" translate=\"no\">&#67;&#72;&#70;<\/span>&nbsp;54.00<\/bdi><\/span><\/span>\n<a href=\"\/fr\/wp-json\/wp\/v2\/pages\/133984?add-to-cart=175246\" aria-describedby=\"woocommerce_loop_add_to_cart_link_describedby_175246\" data-quantity=\"1\" class=\"button product_type_simple add_to_cart_button ajax_add_to_cart\" data-product_id=\"175246\" data-product_sku=\"800000335918\" aria-label=\"Ajouter au panier\u00a0: &ldquo;BVG-Tagung 2023&rdquo;\" rel=\"nofollow\" data-success_message=\"\u00ab\u00a0BVG-Tagung 2023\u00a0\u00bb a \u00e9t\u00e9 ajout\u00e9 \u00e0 votre panier\" role=\"button\"><\/a>\t<span id=\"woocommerce_loop_add_to_cart_link_describedby_175246\" class=\"screen-reader-text\">\n\t\t\t<\/span>\n<\/div><\/a><div class=\"info-link-container\"><a href=\"https:\/\/shop.judocu.ch\/fr\/produkt\/bvg-tagung-2023\/\"><div class=\"icon-container\"><i class=\"fas fa-info\"><\/i><\/div><span class=\"details-box\">Details<\/span><\/a><\/div><\/div><div class=\"product type-product post-170846 status-publish instock product_cat-aktuelles product_cat-neuerscheinungen product_cat-berufliche-vorsorge has-post-thumbnail virtual sold-individually taxable purchasable product-type-simple\">\r\n\t<a href=\"https:\/\/shop.judocu.ch\/fr\/produkt\/berufliche-vorsorge-75-versicherungsfragen-und-leistungsfaelle-3-aufl\/\" class=\"woocommerce-LoopProduct-link woocommerce-loop-product__link\"><img loading=\"lazy\" decoding=\"async\" width=\"300\" height=\"440\" src=\"https:\/\/shop.judocu.ch\/wp-content\/uploads\/2023\/12\/ug-8-300x440.png\" class=\"attachment-woocommerce_thumbnail size-woocommerce_thumbnail\" alt=\"Berufliche Vorsorge - 75 Versicherungsfragen und Leistungsf\u00e4lle, 3. Aufl.\" srcset=\"https:\/\/shop.judocu.ch\/wp-content\/uploads\/2023\/12\/ug-8-300x440.png 300w, https:\/\/shop.judocu.ch\/wp-content\/uploads\/2023\/12\/ug-8-205x300.png 205w, https:\/\/shop.judocu.ch\/wp-content\/uploads\/2023\/12\/ug-8-250x367.png 250w, https:\/\/shop.judocu.ch\/wp-content\/uploads\/2023\/12\/ug-8-200x293.png 200w, https:\/\/shop.judocu.ch\/wp-content\/uploads\/2023\/12\/ug-8.png 570w\" sizes=\"auto, (max-width: 300px) 100vw, 300px\" \/><h3 class=\"woocommerce-loop-product__title\">Berufliche Vorsorge &#8211; 75 Versicherungsfragen und Leistungsf\u00e4lle, 3. Aufl.<\/h3><span class=\"authors\">Stauffer, Hans-Ulrich<\/span><div class=\"price-carticon-container\">\n\t<span class=\"price\"><span class=\"woocommerce-Price-amount amount\"><bdi><span class=\"woocommerce-Price-currencySymbol\" translate=\"no\">&#67;&#72;&#70;<\/span>&nbsp;88.00<\/bdi><\/span><\/span>\n<a href=\"\/fr\/wp-json\/wp\/v2\/pages\/133984?add-to-cart=170846\" aria-describedby=\"woocommerce_loop_add_to_cart_link_describedby_170846\" data-quantity=\"1\" class=\"button product_type_simple add_to_cart_button ajax_add_to_cart\" data-product_id=\"170846\" data-product_sku=\"800000335852\" aria-label=\"Ajouter au panier\u00a0: &ldquo;Berufliche Vorsorge - 75 Versicherungsfragen und Leistungsf\u00e4lle, 3. Aufl.&rdquo;\" rel=\"nofollow\" data-success_message=\"\u00ab\u00a0Berufliche Vorsorge - 75 Versicherungsfragen und Leistungsf\u00e4lle, 3. Aufl.\u00a0\u00bb a \u00e9t\u00e9 ajout\u00e9 \u00e0 votre panier\" role=\"button\"><\/a>\t<span id=\"woocommerce_loop_add_to_cart_link_describedby_170846\" class=\"screen-reader-text\">\n\t\t\t<\/span>\n<\/div><\/a><div class=\"info-link-container\"><a href=\"https:\/\/shop.judocu.ch\/fr\/produkt\/berufliche-vorsorge-75-versicherungsfragen-und-leistungsfaelle-3-aufl\/\"><div class=\"icon-container\"><i class=\"fas fa-info\"><\/i><\/div><span class=\"details-box\">Details<\/span><\/a><\/div><\/div><div class=\"product type-product post-151999 status-publish last instock product_cat-aktuelles product_cat-berufliche-vorsorge has-post-thumbnail virtual sold-individually taxable purchasable product-type-simple\">\r\n\t<a href=\"https:\/\/shop.judocu.ch\/fr\/produkt\/die-2-saeule-bvg-auskuenfte\/\" class=\"woocommerce-LoopProduct-link woocommerce-loop-product__link\"><img loading=\"lazy\" decoding=\"async\" width=\"300\" height=\"341\" src=\"https:\/\/shop.judocu.ch\/wp-content\/uploads\/2022\/11\/Unbenannt-300x341.png\" class=\"attachment-woocommerce_thumbnail size-woocommerce_thumbnail\" alt=\"Die 2. S\u00e4ule - BVG Ausk\u00fcnfte\" srcset=\"https:\/\/shop.judocu.ch\/wp-content\/uploads\/2022\/11\/Unbenannt-300x341.png 300w, https:\/\/shop.judocu.ch\/wp-content\/uploads\/2022\/11\/Unbenannt-264x300.png 264w, https:\/\/shop.judocu.ch\/wp-content\/uploads\/2022\/11\/Unbenannt-768x874.png 768w, https:\/\/shop.judocu.ch\/wp-content\/uploads\/2022\/11\/Unbenannt-250x285.png 250w, https:\/\/shop.judocu.ch\/wp-content\/uploads\/2022\/11\/Unbenannt-200x228.png 200w, https:\/\/shop.judocu.ch\/wp-content\/uploads\/2022\/11\/Unbenannt.png 890w\" sizes=\"auto, (max-width: 300px) 100vw, 300px\" \/><h3 class=\"woocommerce-loop-product__title\">Die 2. S\u00e4ule &#8211; BVG Ausk\u00fcnfte<\/h3><div class=\"price-carticon-container\">\n\t<span class=\"price\"><span class=\"woocommerce-Price-amount amount\"><bdi><span class=\"woocommerce-Price-currencySymbol\" translate=\"no\">&#67;&#72;&#70;<\/span>&nbsp;19.80<\/bdi><\/span><\/span>\n<a href=\"\/fr\/wp-json\/wp\/v2\/pages\/133984?add-to-cart=151999\" aria-describedby=\"woocommerce_loop_add_to_cart_link_describedby_151999\" data-quantity=\"1\" class=\"button product_type_simple add_to_cart_button ajax_add_to_cart\" data-product_id=\"151999\" data-product_sku=\"800000335759\" aria-label=\"Ajouter au panier\u00a0: &ldquo;Die 2. S\u00e4ule - BVG Ausk\u00fcnfte&rdquo;\" rel=\"nofollow\" data-success_message=\"\u00ab\u00a0Die 2. S\u00e4ule - BVG Ausk\u00fcnfte\u00a0\u00bb a \u00e9t\u00e9 ajout\u00e9 \u00e0 votre panier\" role=\"button\"><\/a>\t<span id=\"woocommerce_loop_add_to_cart_link_describedby_151999\" class=\"screen-reader-text\">\n\t\t\t<\/span>\n<\/div><\/a><div class=\"info-link-container\"><a href=\"https:\/\/shop.judocu.ch\/fr\/produkt\/die-2-saeule-bvg-auskuenfte\/\"><div class=\"icon-container\"><i class=\"fas fa-info\"><\/i><\/div><span class=\"details-box\">Details<\/span><\/a><\/div><\/div><div class=\"product type-product post-151996 status-publish first instock product_cat-berufliche-vorsorge has-post-thumbnail virtual sold-individually taxable purchasable product-type-simple\">\r\n\t<a href=\"https:\/\/shop.judocu.ch\/fr\/produkt\/glossaire-de-la-prevoyance-professionnelle-suisse-2-aufl\/\" class=\"woocommerce-LoopProduct-link woocommerce-loop-product__link\"><img loading=\"lazy\" decoding=\"async\" width=\"300\" height=\"427\" src=\"https:\/\/shop.judocu.ch\/wp-content\/uploads\/2022\/11\/ug-48-300x427.png\" class=\"attachment-woocommerce_thumbnail size-woocommerce_thumbnail\" alt=\"Glossaire - de la pr\u00e9voyance professionnelle suisse, 2. Aufl.\" srcset=\"https:\/\/shop.judocu.ch\/wp-content\/uploads\/2022\/11\/ug-48-300x427.png 300w, https:\/\/shop.judocu.ch\/wp-content\/uploads\/2022\/11\/ug-48-211x300.png 211w, https:\/\/shop.judocu.ch\/wp-content\/uploads\/2022\/11\/ug-48-250x356.png 250w, https:\/\/shop.judocu.ch\/wp-content\/uploads\/2022\/11\/ug-48-200x285.png 200w, https:\/\/shop.judocu.ch\/wp-content\/uploads\/2022\/11\/ug-48.png 608w\" sizes=\"auto, (max-width: 300px) 100vw, 300px\" \/><h3 class=\"woocommerce-loop-product__title\">Glossaire &#8211; de la pr\u00e9voyance professionnelle suisse, 2. Aufl.<\/h3><span class=\"authors\">VPS Verlag<\/span><div class=\"price-carticon-container\">\n\t<span class=\"price\"><span class=\"woocommerce-Price-amount amount\"><bdi><span class=\"woocommerce-Price-currencySymbol\" translate=\"no\">&#67;&#72;&#70;<\/span>&nbsp;69.00<\/bdi><\/span><\/span>\n<a href=\"\/fr\/wp-json\/wp\/v2\/pages\/133984?add-to-cart=151996\" aria-describedby=\"woocommerce_loop_add_to_cart_link_describedby_151996\" data-quantity=\"1\" class=\"button product_type_simple add_to_cart_button ajax_add_to_cart\" data-product_id=\"151996\" data-product_sku=\"800000335758\" aria-label=\"Ajouter au panier\u00a0: &ldquo;Glossaire - de la pr\u00e9voyance professionnelle suisse, 2. Aufl.&rdquo;\" rel=\"nofollow\" data-success_message=\"\u00ab\u00a0Glossaire - de la pr\u00e9voyance professionnelle suisse, 2. Aufl.\u00a0\u00bb a \u00e9t\u00e9 ajout\u00e9 \u00e0 votre panier\" role=\"button\"><\/a>\t<span id=\"woocommerce_loop_add_to_cart_link_describedby_151996\" class=\"screen-reader-text\">\n\t\t\t<\/span>\n<\/div><\/a><div class=\"info-link-container\"><a href=\"https:\/\/shop.judocu.ch\/fr\/produkt\/glossaire-de-la-prevoyance-professionnelle-suisse-2-aufl\/\"><div class=\"icon-container\"><i class=\"fas fa-info\"><\/i><\/div><span class=\"details-box\">Details<\/span><\/a><\/div><\/div><div class=\"product type-product post-151993 status-publish instock product_cat-aktuelles product_cat-berufliche-vorsorge has-post-thumbnail virtual sold-individually taxable purchasable product-type-simple\">\r\n\t<a href=\"https:\/\/shop.judocu.ch\/fr\/produkt\/pensionskassenfuehrung-in-der-praxis-handbuch-fuer-stiftungsraete-und-geschaeftsleitungen\/\" class=\"woocommerce-LoopProduct-link woocommerce-loop-product__link\"><img loading=\"lazy\" decoding=\"async\" width=\"300\" height=\"427\" src=\"https:\/\/shop.judocu.ch\/wp-content\/uploads\/2022\/11\/ug-47-300x427.png\" class=\"attachment-woocommerce_thumbnail size-woocommerce_thumbnail\" alt=\"Pensionskassenf\u00fchrung in der Praxis - Handbuch f\u00fcr Stiftungsr\u00e4te und Gesch\u00e4ftsleitungen\" srcset=\"https:\/\/shop.judocu.ch\/wp-content\/uploads\/2022\/11\/ug-47-300x427.png 300w, https:\/\/shop.judocu.ch\/wp-content\/uploads\/2022\/11\/ug-47-211x300.png 211w, https:\/\/shop.judocu.ch\/wp-content\/uploads\/2022\/11\/ug-47-250x356.png 250w, https:\/\/shop.judocu.ch\/wp-content\/uploads\/2022\/11\/ug-47-200x285.png 200w, https:\/\/shop.judocu.ch\/wp-content\/uploads\/2022\/11\/ug-47.png 613w\" sizes=\"auto, (max-width: 300px) 100vw, 300px\" \/><h3 class=\"woocommerce-loop-product__title\">Pensionskassenf\u00fchrung in der Praxis &#8211; Handbuch f\u00fcr Stiftungsr\u00e4te und Gesch\u00e4ftsleitungen<\/h3><span class=\"authors\">Schaffner, Urs<\/span><div class=\"price-carticon-container\">\n\t<span class=\"price\"><span class=\"woocommerce-Price-amount amount\"><bdi><span class=\"woocommerce-Price-currencySymbol\" translate=\"no\">&#67;&#72;&#70;<\/span>&nbsp;69.00<\/bdi><\/span><\/span>\n<a href=\"\/fr\/wp-json\/wp\/v2\/pages\/133984?add-to-cart=151993\" aria-describedby=\"woocommerce_loop_add_to_cart_link_describedby_151993\" data-quantity=\"1\" class=\"button product_type_simple add_to_cart_button ajax_add_to_cart\" data-product_id=\"151993\" data-product_sku=\"800000335757\" aria-label=\"Ajouter au panier\u00a0: &ldquo;Pensionskassenf\u00fchrung in der Praxis - Handbuch f\u00fcr Stiftungsr\u00e4te und Gesch\u00e4ftsleitungen&rdquo;\" rel=\"nofollow\" data-success_message=\"\u00ab\u00a0Pensionskassenf\u00fchrung in der Praxis - Handbuch f\u00fcr Stiftungsr\u00e4te und Gesch\u00e4ftsleitungen\u00a0\u00bb a \u00e9t\u00e9 ajout\u00e9 \u00e0 votre panier\" role=\"button\"><\/a>\t<span id=\"woocommerce_loop_add_to_cart_link_describedby_151993\" class=\"screen-reader-text\">\n\t\t\t<\/span>\n<\/div><\/a><div class=\"info-link-container\"><a href=\"https:\/\/shop.judocu.ch\/fr\/produkt\/pensionskassenfuehrung-in-der-praxis-handbuch-fuer-stiftungsraete-und-geschaeftsleitungen\/\"><div class=\"icon-container\"><i class=\"fas fa-info\"><\/i><\/div><span class=\"details-box\">Details<\/span><\/a><\/div><\/div>\t\t\t\t\t<\/div>\r\n\t\t\t\t<\/div>\r\n\t\t\t<\/div>\r\n\t\t<\/div>\r\n\t<\/div>\r\n\n\n\n<p class=\"wp-block-paragraph\"><\/p>\n\n\r\n\t\t\t<\/div>\r\n\t\t<\/div>\r\n\t<\/div>\r\n<\/div>\n\n\n<div style=\"height:100px\" aria-hidden=\"true\" class=\"wp-block-spacer\"><\/div>\n\n\n<div id=\"container-block_63285ddcb350b\" class=\"container-block  bg-lightgray py-5 alignfull\">\r\n\t<div class=\"container\">\r\n\t\t<div class=\"row\">\r\n\t\t\t<div class=\"col\">\r\n\t\t\t\t\n\n<div class=\"wp-block-columns is-layout-flex wp-container-core-columns-is-layout-8f761849 wp-block-columns-is-layout-flex\">\n<div class=\"wp-block-column is-layout-flow wp-block-column-is-layout-flow\" style=\"flex-basis:25%\"><div class=\"wp-block-image\">\n<figure class=\"aligncenter size-medium is-resized\"><img decoding=\"async\" src=\"https:\/\/shop.judocu.ch\/wp-content\/uploads\/2022\/09\/SPV_0822-transparent-300x297.png\" alt=\"\" class=\"wp-image-129853\" height=\"300\" srcset=\"https:\/\/shop.judocu.ch\/wp-content\/uploads\/2022\/09\/SPV_0822-transparent-300x297.png 300w, https:\/\/shop.judocu.ch\/wp-content\/uploads\/2022\/09\/SPV_0822-transparent-150x150.png 150w, https:\/\/shop.judocu.ch\/wp-content\/uploads\/2022\/09\/SPV_0822-transparent-768x761.png 768w, https:\/\/shop.judocu.ch\/wp-content\/uploads\/2022\/09\/SPV_0822-transparent-250x248.png 250w, https:\/\/shop.judocu.ch\/wp-content\/uploads\/2022\/09\/SPV_0822-transparent-100x100.png 100w, https:\/\/shop.judocu.ch\/wp-content\/uploads\/2022\/09\/SPV_0822-transparent-200x198.png 200w, https:\/\/shop.judocu.ch\/wp-content\/uploads\/2022\/09\/SPV_0822-transparent.png 950w\" sizes=\"(max-width: 300px) 100vw, 300px\" \/><\/figure>\n<\/div><\/div>\n\n\n\n<div class=\"wp-block-column is-layout-flow wp-block-column-is-layout-flow\">\n<h3 class=\"wp-block-heading\">La revue \u00ab Pr\u00e9voyance Professionnelle Suisse \u00bb dans votre ebiblioth\u00e8que<\/h3>\n\n\n\n<p class=\"wp-block-paragraph\">En tant que personne abonn\u00e9e, vous disposez d\u2019un acc\u00e8s \u00e0 votre eBiblioth\u00e8que judocu, o\u00f9 se trouvent tous les num\u00e9ros de la revue PPS, que vous pouvez lire et consulter.<br>En outre, vous b\u00e9n\u00e9ficiez pendant deux mois d\u2019un acc\u00e8s complet et gratuit \u00e0 la plus importante documentation sp\u00e9cialis\u00e9e sur la pr\u00e9voyance professionnelle.<\/p>\n\n\n\n<p class=\"wp-block-paragraph\"><em>En petits caract\u00e8res : L\u2019acc\u00e8s au manuel \u00ab Pr\u00e9voyance professionnelle \u00bb est limit\u00e9 \u00e0 4 semaines.<\/em><\/p>\n\n\n\n<div class=\"wp-block-buttons is-content-justification-center is-layout-flex wp-container-core-buttons-is-layout-fe48e5de wp-block-buttons-is-layout-flex\">\n<div class=\"wp-block-button cta-button\"><a class=\"wp-block-button__link has-white-color has-darkorange-background-color has-text-color has-background\" href=\"https:\/\/shop.judocu.ch\/kasse\/\"><strong><strong>T\u00e9l\u00e9charger l\u2019ebiblioth\u00e8que de la revue PPS<\/strong><\/strong><\/a><\/div>\n<\/div>\n<\/div>\n\n\n\n<div class=\"wp-block-column is-layout-flow wp-block-column-is-layout-flow\" style=\"flex-basis:25%\"><div class=\"wp-block-image\">\n<figure class=\"aligncenter size-medium is-resized\"><img decoding=\"async\" src=\"https:\/\/shop.judocu.ch\/wp-content\/uploads\/2022\/06\/Berufliche-Vorsorge_transparent-300x297.png\" alt=\"\" class=\"wp-image-124192\" height=\"300\" srcset=\"https:\/\/shop.judocu.ch\/wp-content\/uploads\/2022\/06\/Berufliche-Vorsorge_transparent-300x297.png 300w, https:\/\/shop.judocu.ch\/wp-content\/uploads\/2022\/06\/Berufliche-Vorsorge_transparent-1024x1015.png 1024w, https:\/\/shop.judocu.ch\/wp-content\/uploads\/2022\/06\/Berufliche-Vorsorge_transparent-150x150.png 150w, https:\/\/shop.judocu.ch\/wp-content\/uploads\/2022\/06\/Berufliche-Vorsorge_transparent-768x761.png 768w, https:\/\/shop.judocu.ch\/wp-content\/uploads\/2022\/06\/Berufliche-Vorsorge_transparent-1536x1522.png 1536w, https:\/\/shop.judocu.ch\/wp-content\/uploads\/2022\/06\/Berufliche-Vorsorge_transparent-2048x2029.png 2048w, https:\/\/shop.judocu.ch\/wp-content\/uploads\/2022\/06\/Berufliche-Vorsorge_transparent-200x198.png 200w, https:\/\/shop.judocu.ch\/wp-content\/uploads\/2022\/06\/Berufliche-Vorsorge_transparent-100x100.png 100w\" sizes=\"(max-width: 300px) 100vw, 300px\" \/><\/figure>\n<\/div><\/div>\n<\/div>\n\n\r\n\t\t\t<\/div>\r\n\t\t<\/div>\r\n\t<\/div>\r\n<\/div>\n\n\n<div style=\"height:70px\" aria-hidden=\"true\" class=\"wp-block-spacer\"><\/div>\n\n\n<div class=\"wp-block-image\">\n<figure class=\"aligncenter size-medium is-resized\"><img decoding=\"async\" src=\"https:\/\/shop.judocu.ch\/wp-content\/uploads\/2022\/05\/judocu_logo-300x179.png\" alt=\"\" class=\"wp-image-123961\" width=\"200\" srcset=\"https:\/\/shop.judocu.ch\/wp-content\/uploads\/2022\/05\/judocu_logo-300x179.png 300w, https:\/\/shop.judocu.ch\/wp-content\/uploads\/2022\/05\/judocu_logo-200x119.png 200w, https:\/\/shop.judocu.ch\/wp-content\/uploads\/2022\/05\/judocu_logo.png 662w\" sizes=\"(max-width: 300px) 100vw, 300px\" \/><\/figure>\n<\/div>","protected":false},"excerpt":{"rendered":"<p>La revue \u00ab\u00a0Pr\u00e9voyance Professionnelle Suisse\u00a0\u00bb est disponible d\u00e8s maintenant dans judocu Nous sommes heureux de mettre la nouvelle ebiblioth\u00e8que de la revue PPS \u00e0 votre disposition. D\u00e9sormais, vous recevrez toujours les nouveaux num\u00e9ros de la revue PPS directement dans votre judocu, en plus de tous les contenus des archives. Configurez simplement et facilement votre ebiblioth\u00e8que [&hellip;]<\/p>\n","protected":false},"author":7669,"featured_media":0,"parent":0,"menu_order":0,"comment_status":"closed","ping_status":"closed","template":"","meta":{"_acf_changed":false,"footnotes":""},"class_list":["post-133984","page","type-page","status-publish","hentry"],"acf":[],"yoast_head":"<!-- This site is optimized with the Yoast SEO plugin v28.2 - https:\/\/yoast.com\/product\/yoast-seo-wordpress\/ -->\n<title>La revue \u00ab\u00a0Pr\u00e9voyance Professionnelle Suisse\u00a0\u00bb est disponible d\u00e8s maintenant dans judocu - judocu<\/title>\n<meta name=\"robots\" content=\"index, follow, max-snippet:-1, max-image-preview:large, max-video-preview:-1\" \/>\n<link rel=\"canonical\" href=\"https:\/\/shop.judocu.ch\/fr\/la-revue-prevoyance-professionnelle-suisse-est-disponible-des-maintenant-dans-judocu\/\" \/>\n<meta property=\"og:locale\" content=\"fr_FR\" \/>\n<meta property=\"og:type\" content=\"article\" \/>\n<meta property=\"og:title\" content=\"La revue \u00ab\u00a0Pr\u00e9voyance Professionnelle Suisse\u00a0\u00bb est disponible d\u00e8s maintenant dans judocu - judocu\" \/>\n<meta property=\"og:description\" content=\"La revue \u00ab\u00a0Pr\u00e9voyance Professionnelle Suisse\u00a0\u00bb est disponible d\u00e8s maintenant dans judocu Nous sommes heureux de mettre la nouvelle ebiblioth\u00e8que de la revue PPS \u00e0 votre disposition. D\u00e9sormais, vous recevrez toujours les nouveaux num\u00e9ros de la revue PPS directement dans votre judocu, en plus de tous les contenus des archives. Configurez simplement et facilement votre ebiblioth\u00e8que [&hellip;]\" \/>\n<meta property=\"og:url\" content=\"https:\/\/shop.judocu.ch\/fr\/la-revue-prevoyance-professionnelle-suisse-est-disponible-des-maintenant-dans-judocu\/\" \/>\n<meta property=\"og:site_name\" content=\"judocu\" \/>\n<meta property=\"article:modified_time\" content=\"2022-09-27T12:40:07+00:00\" \/>\n<meta property=\"og:image\" content=\"https:\/\/shop.judocu.ch\/wp-content\/uploads\/2022\/09\/SPV_0822-transparent-300x297.png\" \/>\n<meta name=\"twitter:card\" content=\"summary_large_image\" \/>\n<meta name=\"twitter:label1\" content=\"Dur\u00e9e de lecture estim\u00e9e\" \/>\n\t<meta name=\"twitter:data1\" content=\"5 minutes\" \/>\n<script type=\"application\/ld+json\" class=\"yoast-schema-graph\">{\"@context\":\"https:\\\/\\\/schema.org\",\"@graph\":[{\"@type\":\"WebPage\",\"@id\":\"https:\\\/\\\/shop.judocu.ch\\\/fr\\\/la-revue-prevoyance-professionnelle-suisse-est-disponible-des-maintenant-dans-judocu\\\/\",\"url\":\"https:\\\/\\\/shop.judocu.ch\\\/fr\\\/la-revue-prevoyance-professionnelle-suisse-est-disponible-des-maintenant-dans-judocu\\\/\",\"name\":\"La revue \u00ab\u00a0Pr\u00e9voyance Professionnelle Suisse\u00a0\u00bb est disponible d\u00e8s maintenant dans judocu - judocu\",\"isPartOf\":{\"@id\":\"https:\\\/\\\/shop.judocu.ch\\\/fr\\\/#website\"},\"primaryImageOfPage\":{\"@id\":\"https:\\\/\\\/shop.judocu.ch\\\/fr\\\/la-revue-prevoyance-professionnelle-suisse-est-disponible-des-maintenant-dans-judocu\\\/#primaryimage\"},\"image\":{\"@id\":\"https:\\\/\\\/shop.judocu.ch\\\/fr\\\/la-revue-prevoyance-professionnelle-suisse-est-disponible-des-maintenant-dans-judocu\\\/#primaryimage\"},\"thumbnailUrl\":\"https:\\\/\\\/shop.judocu.ch\\\/wp-content\\\/uploads\\\/2022\\\/09\\\/SPV_0822-transparent-300x297.png\",\"datePublished\":\"2022-09-23T10:29:45+00:00\",\"dateModified\":\"2022-09-27T12:40:07+00:00\",\"breadcrumb\":{\"@id\":\"https:\\\/\\\/shop.judocu.ch\\\/fr\\\/la-revue-prevoyance-professionnelle-suisse-est-disponible-des-maintenant-dans-judocu\\\/#breadcrumb\"},\"inLanguage\":\"fr-FR\",\"potentialAction\":[{\"@type\":\"ReadAction\",\"target\":[\"https:\\\/\\\/shop.judocu.ch\\\/fr\\\/la-revue-prevoyance-professionnelle-suisse-est-disponible-des-maintenant-dans-judocu\\\/\"]}]},{\"@type\":\"ImageObject\",\"inLanguage\":\"fr-FR\",\"@id\":\"https:\\\/\\\/shop.judocu.ch\\\/fr\\\/la-revue-prevoyance-professionnelle-suisse-est-disponible-des-maintenant-dans-judocu\\\/#primaryimage\",\"url\":\"https:\\\/\\\/shop.judocu.ch\\\/wp-content\\\/uploads\\\/2022\\\/09\\\/SPV_0822-transparent-300x297.png\",\"contentUrl\":\"https:\\\/\\\/shop.judocu.ch\\\/wp-content\\\/uploads\\\/2022\\\/09\\\/SPV_0822-transparent-300x297.png\"},{\"@type\":\"BreadcrumbList\",\"@id\":\"https:\\\/\\\/shop.judocu.ch\\\/fr\\\/la-revue-prevoyance-professionnelle-suisse-est-disponible-des-maintenant-dans-judocu\\\/#breadcrumb\",\"itemListElement\":[{\"@type\":\"ListItem\",\"position\":1,\"name\":\"\",\"item\":\"https:\\\/\\\/shop.judocu.ch\\\/fr\\\/\"},{\"@type\":\"ListItem\",\"position\":2,\"name\":\"La revue \u00ab\u00a0Pr\u00e9voyance Professionnelle Suisse\u00a0\u00bb est disponible d\u00e8s maintenant dans judocu\"}]},{\"@type\":\"WebSite\",\"@id\":\"https:\\\/\\\/shop.judocu.ch\\\/fr\\\/#website\",\"url\":\"https:\\\/\\\/shop.judocu.ch\\\/fr\\\/\",\"name\":\"judocu\",\"description\":\"Bienvenue dans judocu, votre biblioth\u00e8que en ligne personnelle\",\"publisher\":{\"@id\":\"https:\\\/\\\/shop.judocu.ch\\\/fr\\\/#organization\"},\"potentialAction\":[{\"@type\":\"SearchAction\",\"target\":{\"@type\":\"EntryPoint\",\"urlTemplate\":\"https:\\\/\\\/shop.judocu.ch\\\/fr\\\/?s={search_term_string}\"},\"query-input\":{\"@type\":\"PropertyValueSpecification\",\"valueRequired\":true,\"valueName\":\"search_term_string\"}}],\"inLanguage\":\"fr-FR\"},{\"@type\":\"Organization\",\"@id\":\"https:\\\/\\\/shop.judocu.ch\\\/fr\\\/#organization\",\"name\":\"judocu AG\",\"url\":\"https:\\\/\\\/shop.judocu.ch\\\/fr\\\/\",\"logo\":{\"@type\":\"ImageObject\",\"inLanguage\":\"fr-FR\",\"@id\":\"https:\\\/\\\/shop.judocu.ch\\\/fr\\\/#\\\/schema\\\/logo\\\/image\\\/\",\"url\":\"https:\\\/\\\/shop.judocu.ch\\\/wp-content\\\/uploads\\\/2022\\\/05\\\/judocu_logo_gray.png\",\"contentUrl\":\"https:\\\/\\\/shop.judocu.ch\\\/wp-content\\\/uploads\\\/2022\\\/05\\\/judocu_logo_gray.png\",\"width\":586,\"height\":362,\"caption\":\"judocu AG\"},\"image\":{\"@id\":\"https:\\\/\\\/shop.judocu.ch\\\/fr\\\/#\\\/schema\\\/logo\\\/image\\\/\"}}]}<\/script>\n<!-- \/ Yoast SEO plugin. -->","yoast_head_json":{"title":"La revue \u00ab\u00a0Pr\u00e9voyance Professionnelle Suisse\u00a0\u00bb est disponible d\u00e8s maintenant dans judocu - judocu","robots":{"index":"index","follow":"follow","max-snippet":"max-snippet:-1","max-image-preview":"max-image-preview:large","max-video-preview":"max-video-preview:-1"},"canonical":"https:\/\/shop.judocu.ch\/fr\/la-revue-prevoyance-professionnelle-suisse-est-disponible-des-maintenant-dans-judocu\/","og_locale":"fr_FR","og_type":"article","og_title":"La revue \u00ab\u00a0Pr\u00e9voyance Professionnelle Suisse\u00a0\u00bb est disponible d\u00e8s maintenant dans judocu - judocu","og_description":"La revue \u00ab\u00a0Pr\u00e9voyance Professionnelle Suisse\u00a0\u00bb est disponible d\u00e8s maintenant dans judocu Nous sommes heureux de mettre la nouvelle ebiblioth\u00e8que de la revue PPS \u00e0 votre disposition. D\u00e9sormais, vous recevrez toujours les nouveaux num\u00e9ros de la revue PPS directement dans votre judocu, en plus de tous les contenus des archives. Configurez simplement et facilement votre ebiblioth\u00e8que [&hellip;]","og_url":"https:\/\/shop.judocu.ch\/fr\/la-revue-prevoyance-professionnelle-suisse-est-disponible-des-maintenant-dans-judocu\/","og_site_name":"judocu","article_modified_time":"2022-09-27T12:40:07+00:00","og_image":[{"url":"https:\/\/shop.judocu.ch\/wp-content\/uploads\/2022\/09\/SPV_0822-transparent-300x297.png","type":"","width":"","height":""}],"twitter_card":"summary_large_image","twitter_misc":{"Dur\u00e9e de lecture estim\u00e9e":"5 minutes"},"schema":{"@context":"https:\/\/schema.org","@graph":[{"@type":"WebPage","@id":"https:\/\/shop.judocu.ch\/fr\/la-revue-prevoyance-professionnelle-suisse-est-disponible-des-maintenant-dans-judocu\/","url":"https:\/\/shop.judocu.ch\/fr\/la-revue-prevoyance-professionnelle-suisse-est-disponible-des-maintenant-dans-judocu\/","name":"La revue \u00ab\u00a0Pr\u00e9voyance Professionnelle Suisse\u00a0\u00bb est disponible d\u00e8s maintenant dans judocu - judocu","isPartOf":{"@id":"https:\/\/shop.judocu.ch\/fr\/#website"},"primaryImageOfPage":{"@id":"https:\/\/shop.judocu.ch\/fr\/la-revue-prevoyance-professionnelle-suisse-est-disponible-des-maintenant-dans-judocu\/#primaryimage"},"image":{"@id":"https:\/\/shop.judocu.ch\/fr\/la-revue-prevoyance-professionnelle-suisse-est-disponible-des-maintenant-dans-judocu\/#primaryimage"},"thumbnailUrl":"https:\/\/shop.judocu.ch\/wp-content\/uploads\/2022\/09\/SPV_0822-transparent-300x297.png","datePublished":"2022-09-23T10:29:45+00:00","dateModified":"2022-09-27T12:40:07+00:00","breadcrumb":{"@id":"https:\/\/shop.judocu.ch\/fr\/la-revue-prevoyance-professionnelle-suisse-est-disponible-des-maintenant-dans-judocu\/#breadcrumb"},"inLanguage":"fr-FR","potentialAction":[{"@type":"ReadAction","target":["https:\/\/shop.judocu.ch\/fr\/la-revue-prevoyance-professionnelle-suisse-est-disponible-des-maintenant-dans-judocu\/"]}]},{"@type":"ImageObject","inLanguage":"fr-FR","@id":"https:\/\/shop.judocu.ch\/fr\/la-revue-prevoyance-professionnelle-suisse-est-disponible-des-maintenant-dans-judocu\/#primaryimage","url":"https:\/\/shop.judocu.ch\/wp-content\/uploads\/2022\/09\/SPV_0822-transparent-300x297.png","contentUrl":"https:\/\/shop.judocu.ch\/wp-content\/uploads\/2022\/09\/SPV_0822-transparent-300x297.png"},{"@type":"BreadcrumbList","@id":"https:\/\/shop.judocu.ch\/fr\/la-revue-prevoyance-professionnelle-suisse-est-disponible-des-maintenant-dans-judocu\/#breadcrumb","itemListElement":[{"@type":"ListItem","position":1,"name":"","item":"https:\/\/shop.judocu.ch\/fr\/"},{"@type":"ListItem","position":2,"name":"La revue \u00ab\u00a0Pr\u00e9voyance Professionnelle Suisse\u00a0\u00bb est disponible d\u00e8s maintenant dans judocu"}]},{"@type":"WebSite","@id":"https:\/\/shop.judocu.ch\/fr\/#website","url":"https:\/\/shop.judocu.ch\/fr\/","name":"judocu","description":"Bienvenue dans judocu, votre biblioth\u00e8que en ligne personnelle","publisher":{"@id":"https:\/\/shop.judocu.ch\/fr\/#organization"},"potentialAction":[{"@type":"SearchAction","target":{"@type":"EntryPoint","urlTemplate":"https:\/\/shop.judocu.ch\/fr\/?s={search_term_string}"},"query-input":{"@type":"PropertyValueSpecification","valueRequired":true,"valueName":"search_term_string"}}],"inLanguage":"fr-FR"},{"@type":"Organization","@id":"https:\/\/shop.judocu.ch\/fr\/#organization","name":"judocu AG","url":"https:\/\/shop.judocu.ch\/fr\/","logo":{"@type":"ImageObject","inLanguage":"fr-FR","@id":"https:\/\/shop.judocu.ch\/fr\/#\/schema\/logo\/image\/","url":"https:\/\/shop.judocu.ch\/wp-content\/uploads\/2022\/05\/judocu_logo_gray.png","contentUrl":"https:\/\/shop.judocu.ch\/wp-content\/uploads\/2022\/05\/judocu_logo_gray.png","width":586,"height":362,"caption":"judocu AG"},"image":{"@id":"https:\/\/shop.judocu.ch\/fr\/#\/schema\/logo\/image\/"}}]}},"_links":{"self":[{"href":"https:\/\/shop.judocu.ch\/fr\/wp-json\/wp\/v2\/pages\/133984","targetHints":{"allow":["GET"]}}],"collection":[{"href":"https:\/\/shop.judocu.ch\/fr\/wp-json\/wp\/v2\/pages"}],"about":[{"href":"https:\/\/shop.judocu.ch\/fr\/wp-json\/wp\/v2\/types\/page"}],"author":[{"embeddable":true,"href":"https:\/\/shop.judocu.ch\/fr\/wp-json\/wp\/v2\/users\/7669"}],"replies":[{"embeddable":true,"href":"https:\/\/shop.judocu.ch\/fr\/wp-json\/wp\/v2\/comments?post=133984"}],"version-history":[{"count":3,"href":"https:\/\/shop.judocu.ch\/fr\/wp-json\/wp\/v2\/pages\/133984\/revisions"}],"predecessor-version":[{"id":141345,"href":"https:\/\/shop.judocu.ch\/fr\/wp-json\/wp\/v2\/pages\/133984\/revisions\/141345"}],"wp:attachment":[{"href":"https:\/\/shop.judocu.ch\/fr\/wp-json\/wp\/v2\/media?parent=133984"}],"curies":[{"name":"wp","href":"https:\/\/api.w.org\/{rel}","templated":true}]}}